{"id":94,"date":"2024-01-23T20:36:24","date_gmt":"2024-01-23T19:36:24","guid":{"rendered":"http:\/\/legumeu.cluster030.hosting.ovh.net\/?page_id=94"},"modified":"2025-10-29T16:49:39","modified_gmt":"2025-10-29T15:49:39","slug":"chiffres-cles","status":"publish","type":"page","link":"https:\/\/legumesdefrance.fr\/index.php\/chiffres-cles\/","title":{"rendered":"Chiffres cl\u00e9s"},"content":{"rendered":"\n<div class=\"wp-block-cover alignfull is-light has-parallax\" style=\"min-height:435px;aspect-ratio:unset;\"><div class=\"wp-block-cover__image-background wp-image-696 has-parallax\" style=\"background-position:50% 50%;background-image:url(https:\/\/legumesdefrance.fr\/wp-content\/uploads\/2024\/01\/vegetables-2485055-scaled.jpg)\"><\/div><span aria-hidden=\"true\" class=\"wp-block-cover__background has-background-dim\" style=\"background-color:#9a9c8e\"><\/span><div class=\"wp-block-cover__inner-container is-layout-flow wp-block-cover-is-layout-flow\">\n<p superb-addons-animation=\"fadeIn\" class=\"has-text-align-center has-white-color has-text-color\" style=\"font-size:clamp(37.821px, 2.364rem + ((1vw - 3.2px) * 2.848), 70px);font-style:normal;font-weight:900;opacity: 0;\"><strong>Le mara\u00eechage en chiffre<\/strong>s<\/p>\n\n\n\n<p class=\"has-text-align-center has-white-color has-text-color has-medium-font-size\" style=\"letter-spacing:1px\"><em>Quelques chiffres de 2021<\/em><\/p>\n<\/div><\/div>\n\n\n\n<div class=\"wp-block-columns is-layout-flex wp-container-core-columns-is-layout-28f84493 wp-block-columns-is-layout-flex\">\n<div class=\"wp-block-column is-layout-flow wp-block-column-is-layout-flow\">\n<div class=\"wp-block-cover is-light\" style=\"min-height:289px;aspect-ratio:unset;\"><span aria-hidden=\"true\" class=\"wp-block-cover__background has-background-dim-100 has-background-dim\" style=\"background-color:#ededed\"><\/span><div class=\"wp-block-cover__inner-container has-global-padding is-layout-constrained wp-block-cover-is-layout-constrained\">\n<figure class=\"wp-block-image aligncenter size-full is-resized\"><img loading=\"lazy\" decoding=\"async\" width=\"512\" height=\"512\" src=\"http:\/\/legumeu.cluster030.hosting.ovh.net\/wp-content\/uploads\/2024\/01\/surface.png\" alt=\"\" class=\"wp-image-697\" style=\"width:115px;height:auto\" srcset=\"https:\/\/legumesdefrance.fr\/wp-content\/uploads\/2024\/01\/surface.png 512w, https:\/\/legumesdefrance.fr\/wp-content\/uploads\/2024\/01\/surface-300x300.png 300w, https:\/\/legumesdefrance.fr\/wp-content\/uploads\/2024\/01\/surface-150x150.png 150w\" sizes=\"auto, (max-width: 512px) 100vw, 512px\" \/><\/figure>\n\n\n\n<p superb-addons-animation=\"heartbeat\" class=\"has-text-align-center has-medium-font-size\" style=\"font-style:normal;font-weight:700;opacity: 0;\">216 559 ha<\/p>\n\n\n\n<p class=\"has-text-align-center has-tertiary-color has-text-color has-link-color has-small-font-size wp-elements-c06f2bac3796ff1822e90a0e7c6df8c4\">Superficie en L\u00e9gumes (France Hexagonale)<\/p>\n<\/div><\/div>\n<\/div>\n\n\n\n<div class=\"wp-block-column is-layout-flow wp-block-column-is-layout-flow\">\n<div class=\"wp-block-cover is-light\" style=\"min-height:289px;aspect-ratio:unset;\"><span aria-hidden=\"true\" class=\"wp-block-cover__background has-background-dim-100 has-background-dim\" style=\"background-color:#ededed\"><\/span><div class=\"wp-block-cover__inner-container has-global-padding is-layout-constrained wp-block-cover-is-layout-constrained\">\n<figure class=\"wp-block-image aligncenter size-full is-resized\"><img loading=\"lazy\" decoding=\"async\" width=\"512\" height=\"512\" src=\"http:\/\/legumeu.cluster030.hosting.ovh.net\/wp-content\/uploads\/2024\/01\/euros.png\" alt=\"\" class=\"wp-image-698\" style=\"width:115px;height:auto\" srcset=\"https:\/\/legumesdefrance.fr\/wp-content\/uploads\/2024\/01\/euros.png 512w, https:\/\/legumesdefrance.fr\/wp-content\/uploads\/2024\/01\/euros-300x300.png 300w, https:\/\/legumesdefrance.fr\/wp-content\/uploads\/2024\/01\/euros-150x150.png 150w\" sizes=\"auto, (max-width: 512px) 100vw, 512px\" \/><\/figure>\n\n\n\n<p superb-addons-animation=\"heartbeat\" class=\"has-text-align-center has-medium-font-size\" style=\"font-style:normal;font-weight:700;opacity: 0;\">3 231 millions d&rsquo;euros<\/p>\n\n\n\n<p class=\"has-text-align-center has-tertiary-color has-text-color has-link-color has-small-font-size wp-elements-0d4c4be2b295e7b20de542f7c94d3cdc\">Production au prix de base en valeur<\/p>\n<\/div><\/div>\n<\/div>\n\n\n\n<div class=\"wp-block-column is-layout-flow wp-block-column-is-layout-flow\">\n<div class=\"wp-block-cover is-light\" style=\"min-height:289px;aspect-ratio:unset;\"><span aria-hidden=\"true\" class=\"wp-block-cover__background has-background-dim-100 has-background-dim\" style=\"background-color:#ededed\"><\/span><div class=\"wp-block-cover__inner-container has-global-padding is-layout-constrained wp-block-cover-is-layout-constrained\">\n<figure class=\"wp-block-image aligncenter size-full is-resized\"><img loading=\"lazy\" decoding=\"async\" width=\"512\" height=\"512\" src=\"http:\/\/legumeu.cluster030.hosting.ovh.net\/wp-content\/uploads\/2024\/01\/mallette.png\" alt=\"\" class=\"wp-image-699\" style=\"width:115px;height:auto\" srcset=\"https:\/\/legumesdefrance.fr\/wp-content\/uploads\/2024\/01\/mallette.png 512w, https:\/\/legumesdefrance.fr\/wp-content\/uploads\/2024\/01\/mallette-300x300.png 300w, https:\/\/legumesdefrance.fr\/wp-content\/uploads\/2024\/01\/mallette-150x150.png 150w\" sizes=\"auto, (max-width: 512px) 100vw, 512px\" \/><\/figure>\n\n\n\n<p superb-addons-animation=\"heartbeat\" class=\"has-text-align-center has-medium-font-size\" style=\"font-style:normal;font-weight:700;opacity: 0;\">20 940 UTA<\/p>\n\n\n\n<p class=\"has-text-align-center has-tertiary-color has-text-color has-link-color has-small-font-size wp-elements-9fb0d46db826be13132258defa2ecfc4\">Emploi en Unit\u00e9s de Travail Annuel<\/p>\n<\/div><\/div>\n<\/div>\n<\/div>\n\n\n\n<div class=\"wp-block-columns is-layout-flex wp-container-core-columns-is-layout-28f84493 wp-block-columns-is-layout-flex\">\n<div class=\"wp-block-column is-layout-flow wp-block-column-is-layout-flow\">\n<div class=\"wp-block-cover is-light\" style=\"min-height:289px;aspect-ratio:unset;\"><span aria-hidden=\"true\" class=\"wp-block-cover__background has-background-dim-100 has-background-dim\" style=\"background-color:#ededed\"><\/span><div class=\"wp-block-cover__inner-container has-global-padding is-layout-constrained wp-block-cover-is-layout-constrained\">\n<figure class=\"wp-block-image aligncenter size-full is-resized\"><img loading=\"lazy\" decoding=\"async\" width=\"512\" height=\"512\" src=\"http:\/\/legumeu.cluster030.hosting.ovh.net\/wp-content\/uploads\/2024\/01\/bio.png\" alt=\"\" class=\"wp-image-700\" style=\"width:115px;height:auto\" srcset=\"https:\/\/legumesdefrance.fr\/wp-content\/uploads\/2024\/01\/bio.png 512w, https:\/\/legumesdefrance.fr\/wp-content\/uploads\/2024\/01\/bio-300x300.png 300w, https:\/\/legumesdefrance.fr\/wp-content\/uploads\/2024\/01\/bio-150x150.png 150w\" sizes=\"auto, (max-width: 512px) 100vw, 512px\" \/><\/figure>\n\n\n\n<p superb-addons-animation=\"heartbeat\" class=\"has-text-align-center has-medium-font-size\" style=\"font-style:normal;font-weight:700;opacity: 0;\">1,8 %<\/p>\n\n\n\n<p class=\"has-text-align-center has-tertiary-color has-text-color has-link-color has-small-font-size wp-elements-d99642b9f4dbfb7217e0681befc24e26\">Superficie Bio (certifi\u00e9es et conversion)<\/p>\n<\/div><\/div>\n<\/div>\n\n\n\n<div class=\"wp-block-column is-layout-flow wp-block-column-is-layout-flow\">\n<div class=\"wp-block-cover is-light\" style=\"min-height:298px;aspect-ratio:unset;\"><span aria-hidden=\"true\" class=\"wp-block-cover__background has-background-dim-100 has-background-dim\" style=\"background-color:#ededed\"><\/span><div class=\"wp-block-cover__inner-container has-global-padding is-layout-constrained wp-block-cover-is-layout-constrained\">\n<figure class=\"wp-block-image aligncenter size-full is-resized\"><img loading=\"lazy\" decoding=\"async\" width=\"512\" height=\"512\" src=\"http:\/\/legumeu.cluster030.hosting.ovh.net\/wp-content\/uploads\/2024\/01\/exportation-2.png\" alt=\"\" class=\"wp-image-702\" style=\"width:115px;height:auto\" srcset=\"https:\/\/legumesdefrance.fr\/wp-content\/uploads\/2024\/01\/exportation-2.png 512w, https:\/\/legumesdefrance.fr\/wp-content\/uploads\/2024\/01\/exportation-2-300x300.png 300w, https:\/\/legumesdefrance.fr\/wp-content\/uploads\/2024\/01\/exportation-2-150x150.png 150w\" sizes=\"auto, (max-width: 512px) 100vw, 512px\" \/><\/figure>\n\n\n\n<p superb-addons-animation=\"heartbeat\" class=\"has-text-align-center has-medium-font-size\" style=\"font-style:normal;font-weight:700;opacity: 0;\">1 189,63 millions d&rsquo;euros<\/p>\n\n\n\n<p class=\"has-text-align-center has-tertiary-color has-text-color has-link-color has-small-font-size wp-elements-fbc52ef9d9122c1465975a65bc5e82ab\">Production export\u00e9e<\/p>\n<\/div><\/div>\n<\/div>\n\n\n\n<div class=\"wp-block-column is-layout-flow wp-block-column-is-layout-flow\">\n<div class=\"wp-block-cover is-light\" style=\"min-height:301px;aspect-ratio:unset;\"><span aria-hidden=\"true\" class=\"wp-block-cover__background has-background-dim-100 has-background-dim\" style=\"background-color:#ededed\"><\/span><div class=\"wp-block-cover__inner-container has-global-padding is-layout-constrained wp-block-cover-is-layout-constrained\">\n<figure class=\"wp-block-image aligncenter size-full is-resized\"><img loading=\"lazy\" decoding=\"async\" width=\"512\" height=\"512\" src=\"http:\/\/legumeu.cluster030.hosting.ovh.net\/wp-content\/uploads\/2024\/01\/exportation.png\" alt=\"\" class=\"wp-image-703\" style=\"width:115px;height:auto\" srcset=\"https:\/\/legumesdefrance.fr\/wp-content\/uploads\/2024\/01\/exportation.png 512w, https:\/\/legumesdefrance.fr\/wp-content\/uploads\/2024\/01\/exportation-300x300.png 300w, https:\/\/legumesdefrance.fr\/wp-content\/uploads\/2024\/01\/exportation-150x150.png 150w\" sizes=\"auto, (max-width: 512px) 100vw, 512px\" \/><\/figure>\n\n\n\n<p superb-addons-animation=\"heartbeat\" class=\"has-text-align-center has-medium-font-size\" style=\"font-style:normal;font-weight:700;opacity: 0;\">2 212,09 millions d&rsquo;euros<\/p>\n\n\n\n<p class=\"has-text-align-center has-tertiary-color has-text-color has-link-color has-small-font-size wp-elements-fbb5f0daea2df234e54c72aee8a48070\">Production import\u00e9e<\/p>\n<\/div><\/div>\n<\/div>\n<\/div>\n\n\n\n<p class=\"has-tertiary-color has-text-color has-link-color wp-elements-7b52c6e47812fef8902e8645f018afce\" style=\"font-size:10px\"><em>Source : FranceAgriMer, 2021<\/em><\/p>\n\n\n\n<div style=\"height:36px\" aria-hidden=\"true\" class=\"wp-block-spacer\"><\/div>\n\n\n\n<div class=\"wp-block-group alignfull has-white-background-color has-background has-superbfont-xsmall-font-size is-nowrap is-layout-flex wp-container-core-group-is-layout-c4b5c37f wp-block-group-is-layout-flex\" style=\"border-radius:8px;padding-top:0;padding-bottom:var(--wp--preset--spacing--superbspacing-xsmall)\">\n<figure class=\"wp-block-image size-large\"><img loading=\"lazy\" decoding=\"async\" width=\"318\" height=\"338\" src=\"http:\/\/legumeu.cluster030.hosting.ovh.net\/wp-content\/uploads\/2024\/01\/logo_Le\u2560ugumesdeFrance-4.jpg\" alt=\"\" class=\"wp-image-461\" srcset=\"https:\/\/legumesdefrance.fr\/wp-content\/uploads\/2024\/01\/logo_Le\u2560ugumesdeFrance-4.jpg 318w, https:\/\/legumesdefrance.fr\/wp-content\/uploads\/2024\/01\/logo_Le\u2560ugumesdeFrance-4-282x300.jpg 282w\" sizes=\"auto, (max-width: 318px) 100vw, 318px\" \/><\/figure>\n\n\n\n<div class=\"wp-block-columns alignfull is-layout-flex wp-container-core-columns-is-layout-28f84493 wp-block-columns-is-layout-flex\">\n<div class=\"wp-block-column is-layout-flow wp-block-column-is-layout-flow\" style=\"padding-top:var(--wp--preset--spacing--superbspacing-xsmall);padding-bottom:var(--wp--preset--spacing--superbspacing-xsmall)\">\n<h3 class=\"wp-block-heading has-text-align-left has-superbfont-medium-font-size\" style=\"margin-top:0px;margin-bottom:0px\">Retrouvez-nous aussi sur les r\u00e9seaux !<\/h3>\n\n\n\n<p class=\"has-text-align-left\">Pour vous tenir inform\u00e9s des actualit\u00e9s de la fili\u00e8re \u00e0 diff\u00e9rents niveaux.<\/p>\n\n\n\n<p class=\"has-medium-font-size\"><strong><a href=\"https:\/\/legumesdefrance.fr\/index.php\/nous-contacter\/\">Nous contacter<\/a><\/strong><\/p>\n\n\n\n<ul class=\"wp-block-social-links alignleft is-style-logos-only is-layout-flex wp-block-social-links-is-layout-flex\"><li class=\"wp-social-link wp-social-link-x  wp-block-social-link\"><a href=\"https:\/\/www.google.com\/url?sa=t&#038;rct=j&#038;q=&#038;esrc=s&#038;source=web&#038;cd=&#038;cad=rja&#038;uact=8&#038;ved=2ahUKEwijrr682viDAxWAU6QEHWTEDVIQ6F56BAgMEAE&#038;url=https%3A%2F%2Ftwitter.com%2FLegumesdeFrance%3Fref_src%3Dtwsrc%255Egoogle%257Ctwcamp%255Eserp%257Ctwgr%255Eauthor&#038;usg=AOvVaw2hnGMJHR5Xqb3M7rbI28P3&#038;opi=89978449\" class=\"wp-block-social-link-anchor\"><svg width=\"24\" height=\"24\" viewBox=\"0 0 24 24\" version=\"1.1\" xmlns=\"http:\/\/www.w3.org\/2000\/svg\" aria-hidden=\"true\" focusable=\"false\"><path d=\"M13.982 10.622 20.54 3h-1.554l-5.693 6.618L8.745 3H3.5l6.876 10.007L3.5 21h1.554l6.012-6.989L15.868 21h5.245l-7.131-10.378Zm-2.128 2.474-.697-.997-5.543-7.93H8l4.474 6.4.697.996 5.815 8.318h-2.387l-4.745-6.787Z\" \/><\/svg><span class=\"wp-block-social-link-label screen-reader-text\">X<\/span><\/a><\/li>\n\n<li class=\"wp-social-link wp-social-link-linkedin  wp-block-social-link\"><a href=\"https:\/\/www.linkedin.com\/company\/les-producteurs-de-legumes-de-france\/?miniCompanyUrn=urn%3Ali%3Afs_miniCompany%3A48531455&#038;lipi=urn%3Ali%3Apage%3Ad_flagship3_feed%3Brf4L2JDlTKCLMDfr9Guk6Q%3D%3D\" class=\"wp-block-social-link-anchor\"><svg width=\"24\" height=\"24\" viewBox=\"0 0 24 24\" version=\"1.1\" xmlns=\"http:\/\/www.w3.org\/2000\/svg\" aria-hidden=\"true\" focusable=\"false\"><path d=\"M19.7,3H4.3C3.582,3,3,3.582,3,4.3v15.4C3,20.418,3.582,21,4.3,21h15.4c0.718,0,1.3-0.582,1.3-1.3V4.3 C21,3.582,20.418,3,19.7,3z M8.339,18.338H5.667v-8.59h2.672V18.338z M7.004,8.574c-0.857,0-1.549-0.694-1.549-1.548 c0-0.855,0.691-1.548,1.549-1.548c0.854,0,1.547,0.694,1.547,1.548C8.551,7.881,7.858,8.574,7.004,8.574z M18.339,18.338h-2.669 v-4.177c0-0.996-0.017-2.278-1.387-2.278c-1.389,0-1.601,1.086-1.601,2.206v4.249h-2.667v-8.59h2.559v1.174h0.037 c0.356-0.675,1.227-1.387,2.526-1.387c2.703,0,3.203,1.779,3.203,4.092V18.338z\"><\/path><\/svg><span class=\"wp-block-social-link-label screen-reader-text\">LinkendIn<\/span><\/a><\/li>\n\n<li class=\"wp-social-link wp-social-link-youtube  wp-block-social-link\"><a href=\"https:\/\/www.youtube.com\/@lesproducteursdelegumesdef5533\" class=\"wp-block-social-link-anchor\"><svg width=\"24\" height=\"24\" viewBox=\"0 0 24 24\" version=\"1.1\" xmlns=\"http:\/\/www.w3.org\/2000\/svg\" aria-hidden=\"true\" focusable=\"false\"><path d=\"M21.8,8.001c0,0-0.195-1.378-0.795-1.985c-0.76-0.797-1.613-0.801-2.004-0.847c-2.799-0.202-6.997-0.202-6.997-0.202 h-0.009c0,0-4.198,0-6.997,0.202C4.608,5.216,3.756,5.22,2.995,6.016C2.395,6.623,2.2,8.001,2.2,8.001S2,9.62,2,11.238v1.517 c0,1.618,0.2,3.237,0.2,3.237s0.195,1.378,0.795,1.985c0.761,0.797,1.76,0.771,2.205,0.855c1.6,0.153,6.8,0.201,6.8,0.201 s4.203-0.006,7.001-0.209c0.391-0.047,1.243-0.051,2.004-0.847c0.6-0.607,0.795-1.985,0.795-1.985s0.2-1.618,0.2-3.237v-1.517 C22,9.62,21.8,8.001,21.8,8.001z M9.935,14.594l-0.001-5.62l5.404,2.82L9.935,14.594z\"><\/path><\/svg><span class=\"wp-block-social-link-label screen-reader-text\">YouTube<\/span><\/a><\/li>\n\n<li class=\"wp-social-link wp-social-link-mail  wp-block-social-link\"><a href=\"mailto:&#097;c&#099;ue&#105;&#108;&#064;&#108;&#101;&#103;&#117;&#109;&#101;sd&#101;f&#114;&#097;&#110;&#099;&#101;&#046;f&#114;\" class=\"wp-block-social-link-anchor\"><svg width=\"24\" height=\"24\" viewBox=\"0 0 24 24\" version=\"1.1\" xmlns=\"http:\/\/www.w3.org\/2000\/svg\" aria-hidden=\"true\" focusable=\"false\"><path d=\"M19,5H5c-1.1,0-2,.9-2,2v10c0,1.1.9,2,2,2h14c1.1,0,2-.9,2-2V7c0-1.1-.9-2-2-2zm.5,12c0,.3-.2.5-.5.5H5c-.3,0-.5-.2-.5-.5V9.8l7.5,5.6,7.5-5.6V17zm0-9.1L12,13.6,4.5,7.9V7c0-.3.2-.5.5-.5h14c.3,0,.5.2.5.5v.9z\"><\/path><\/svg><span class=\"wp-block-social-link-label screen-reader-text\">Mail<\/span><\/a><\/li><\/ul>\n<\/div>\n\n\n\n<div class=\"wp-block-column is-layout-flow wp-block-column-is-layout-flow\" style=\"padding-top:var(--wp--preset--spacing--superbspacing-xsmall);padding-bottom:var(--wp--preset--spacing--superbspacing-xsmall)\">\n<h3 class=\"wp-block-heading has-text-align-left has-superbfont-medium-font-size\" style=\"margin-top:0px;margin-bottom:0px\">\u00c0 propos<\/h3>\n\n\n<nav class=\"has-text-color has-mono-2-color has-superbfont-xsmall-font-size items-justified-left is-vertical wp-block-navigation is-content-justification-left is-layout-flex wp-container-core-navigation-is-layout-27ad02e3 wp-block-navigation-is-layout-flex\" aria-label=\"Navigation 3\"><ul class=\"wp-block-navigation__container has-text-color has-mono-2-color has-superbfont-xsmall-font-size items-justified-left is-vertical wp-block-navigation has-superbfont-xsmall-font-size\"><li class=\"has-superbfont-xsmall-font-size wp-block-navigation-item wp-block-navigation-link\"><a class=\"wp-block-navigation-item__content\"  href=\"https:\/\/legumesdefrance.fr\/index.php\/faq\/\"><span class=\"wp-block-navigation-item__label\">FAQ<\/span><\/a><\/li><li class=\"has-superbfont-xsmall-font-size wp-block-navigation-item wp-block-navigation-link\"><a class=\"wp-block-navigation-item__content\"  href=\"https:\/\/legumesdefrance.fr\/index.php\/politique-de-confidentialite\/\"><span class=\"wp-block-navigation-item__label\">Politique de confidentialit\u00e9<\/span><\/a><\/li><\/ul><\/nav>\n\n\n<p><span style=\"text-decoration: underline;\">Cr\u00e9dit photos du site<\/span> : <em>\u00a9Eve Hilaire ; Le studio des 2 prairies<\/em> ; <em>@Les producteurs de L\u00e9gumes de France ; @Pixabay<\/em><\/p>\n<\/div>\n\n\n\n<div class=\"wp-block-column is-layout-flow wp-block-column-is-layout-flow\" style=\"padding-top:var(--wp--preset--spacing--superbspacing-xsmall);padding-bottom:var(--wp--preset--spacing--superbspacing-xsmall)\">\n<h3 class=\"wp-block-heading has-text-align-center has-superbfont-medium-font-size\" style=\"margin-top:0px;margin-bottom:0px\">Recherches<\/h3>\n\n\n\n<p class=\"has-text-align-center\">Vous cherchez quelque chose en particulier ? Essayez la barre de recherche ci dessus !<\/p>\n\n\n<form role=\"search\" method=\"get\" action=\"https:\/\/legumesdefrance.fr\/\" class=\"wp-block-search__button-inside wp-block-search__text-button wp-block-search\"    ><label class=\"wp-block-search__label screen-reader-text\" for=\"wp-block-search__input-1\" >Rechercher<\/label><div class=\"wp-block-search__inside-wrapper has-border-color\"  style=\"border-width: 2px;border-color: #e2e8f0;border-radius: calc(5px + 4px)\"><input class=\"wp-block-search__input\" id=\"wp-block-search__input-1\" placeholder=\"Recherche...\" value=\"\" type=\"search\" name=\"s\" required  style=\"border-radius: 5px\"\/><button aria-label=\"Recherche\" class=\"wp-block-search__button wp-element-button\" type=\"submit\"  style=\"border-radius: 5px\">Recherche<\/button><\/div><\/form><\/div>\n<\/div>\n<\/div>\n","protected":false},"excerpt":{"rendered":"<p>Source : FranceAgriMer, 2021<\/p>\n","protected":false},"author":1,"featured_media":0,"parent":0,"menu_order":0,"comment_status":"closed","ping_status":"closed","template":"page-templates\/full-width-no-title.php","meta":{"ngg_post_thumbnail":0,"inspiro_hide_title":false,"footnotes":""},"class_list":["post-94","page","type-page","status-publish","hentry"],"_links":{"self":[{"href":"https:\/\/legumesdefrance.fr\/index.php\/wp-json\/wp\/v2\/pages\/94","targetHints":{"allow":["GET"]}}],"collection":[{"href":"https:\/\/legumesdefrance.fr\/index.php\/wp-json\/wp\/v2\/pages"}],"about":[{"href":"https:\/\/legumesdefrance.fr\/index.php\/wp-json\/wp\/v2\/types\/page"}],"author":[{"embeddable":true,"href":"https:\/\/legumesdefrance.fr\/index.php\/wp-json\/wp\/v2\/users\/1"}],"replies":[{"embeddable":true,"href":"https:\/\/legumesdefrance.fr\/index.php\/wp-json\/wp\/v2\/comments?post=94"}],"version-history":[{"count":10,"href":"https:\/\/legumesdefrance.fr\/index.php\/wp-json\/wp\/v2\/pages\/94\/revisions"}],"predecessor-version":[{"id":1978,"href":"https:\/\/legumesdefrance.fr\/index.php\/wp-json\/wp\/v2\/pages\/94\/revisions\/1978"}],"wp:attachment":[{"href":"https:\/\/legumesdefrance.fr\/index.php\/wp-json\/wp\/v2\/media?parent=94"}],"curies":[{"name":"wp","href":"https:\/\/api.w.org\/{rel}","templated":true}]}}